{"id":353,"date":"2015-03-03T08:59:12","date_gmt":"2015-03-03T08:59:12","guid":{"rendered":"http:\/\/www.elvtehnika.ee\/1\/?page_id=353"},"modified":"2017-04-10T21:40:36","modified_gmt":"2017-04-10T18:40:36","slug":"konverentsitehnika-muuk","status":"publish","type":"page","link":"https:\/\/elvtehnika.ee\/test\/konverentsitehnika-muuk\/","title":{"rendered":"Konverentsitehnika m\u00fc\u00fck"},"content":{"rendered":"<p><img decoding=\"async\" loading=\"lazy\" class=\"alignright wp-image-757 \" src=\"https:\/\/elvtehnika.ee\/test\/1\/wp-content\/uploads\/DSC02272.jpg\" alt=\"\" width=\"238\" height=\"178\" \/>Kui soovite sisustada konverentsisaali, n\u00f5upidamiste ruumi, volikogu istungisaali v\u00f5i muud esinduslikku koosolekute ja t\u00f6\u00f6 ruumi sobiva helitehnika ja esitlustehnikaga, oleme Teile meeleldi n\u00f5u ja kogemustega abiks. Koos koost\u00f6\u00f6partneritega omame ligi 20 aastat kogemust konverentside tehnilisel teenindamisel, sealhulgas rahvusvahelise tasandi esinduslikel \u00fcritustel kus osalevad eri riikide delegatsioonid.<\/p>\n<p>T\u00e4nu sellisele kogemusele omame \u00fclevaadet, mis tehnilise koha pealt \u00fcrituste\u00a0l\u00e4biviimisel t\u00e4htis on ning saame v\u00e4lja t\u00f6\u00f6tada kasutajas\u00f5braliku ja t\u00f6\u00f6kindla tehnilise lahenduse. Oleme loonud v\u00f5rgustiku hankijatest, kelle abil saame tarnida erip\u00e4rast ja kvaliteetset tehnikat mis sobib esinduslikele \u00fcritustele. Samuti pakume\u00a0<a title=\"S\u00fcnkroont\u00f5lketehnika m\u00fc\u00fck\" href=\"https:\/\/elvtehnika.ee\/test\/sunkroontolketehnika-muuk\/\">s\u00fcnkroont\u00f5lketehnikat<\/a>.<\/p>\n<p><strong><img decoding=\"async\" loading=\"lazy\" class=\"size-medium wp-image-756 alignright\" src=\"https:\/\/elvtehnika.ee\/test\/1\/wp-content\/uploads\/ci1_11329.jpg\" alt=\"ci1_11329\" width=\"240\" height=\"182\" \/>Kuidas saame Teile kasulik olla:<\/strong><\/p>\n<ul>\n<li>kuulame mis Teil plaanis on ning m\u00f5tleme kuidas seda tehniliselt teostada;<\/li>\n<li>pakume t\u00f5en\u00e4oliselt v\u00e4lja kuidas Teie soove veelgi paremini t\u00e4ita v\u00f5ttes arvesse uudse tehnika pakutavaid v\u00f5imalusi;<\/li>\n<li>teeme pakkumise ja kirjeldame kuidas tehniline lahendus v\u00e4lja n\u00e4eb;<\/li>\n<li>tarnime tehnika ning oleme hiljem hooldusega abiks.<\/li>\n<\/ul>\n<p>&nbsp;<\/p>\n<p><strong>Valik koost\u00f6\u00f6partnereid\/hankijaid:<\/strong><\/p>\n<p><a href=\"http:\/\/www.artko.ee\/\" target=\"_blank\"><img decoding=\"async\" loading=\"lazy\" class=\"wp-image-775 alignleft\" src=\"https:\/\/elvtehnika.ee\/test\/1\/wp-content\/uploads\/art_logo_green_block_two_rows.gif\" alt=\"art_logo_green_block_two_rows\" width=\"226\" height=\"39\" \/>ART Konverentsitehnika<\/a><\/p>\n<p>&nbsp;<\/p>\n<p><a href=\"http:\/\/www.dis.cc\/\" target=\"_blank\"><img decoding=\"async\" loading=\"lazy\" class=\"wp-image-776 alignleft\" src=\"https:\/\/elvtehnika.ee\/test\/1\/wp-content\/uploads\/danish-interpretation-systems-300x122.jpg\" alt=\"danish interpretation systems\" width=\"215\" height=\"87\" \/><\/a>\u00a0 <a href=\"http:\/\/www.dis.cc\/\" target=\"_blank\">DIS Danish Interpretation Systems<\/a><\/p>\n<p>&nbsp;<\/p>\n<p>&nbsp;<\/p>\n<p>&nbsp;<\/p>\n<p><a href=\"http:\/\/www.mipro.com.tw\/\" target=\"_blank\"><img decoding=\"async\" loading=\"lazy\" class=\"wp-image-254 alignleft\" src=\"https:\/\/elvtehnika.ee\/test\/1\/wp-content\/uploads\/Mipro-300x165-e1425470757996.jpg\" alt=\"Mipro\" width=\"209\" height=\"115\" \/><\/a><\/p>\n<p><a href=\"http:\/\/www.mipro.com.tw\/\" target=\"_blank\">Mipro mikrofonid ja t\u00f5lketehnika<\/a><\/p>\n<p>&nbsp;<\/p>\n<p>&nbsp;<\/p>\n<p>&nbsp;<\/p>\n<p>&nbsp;<\/p>\n<p><a href=\"http:\/\/www.televic-audiovisual.com\/nl\/\" target=\"_blank\"><img decoding=\"async\" loading=\"lazy\" class=\" wp-image-774 alignleft\" src=\"https:\/\/elvtehnika.ee\/test\/1\/wp-content\/uploads\/logo_televic_audiovisual.png\" alt=\"logo_televic_audiovisual\" width=\"238\" height=\"56\" \/><\/a>\u00a0 <a href=\"http:\/\/www.televic-audiovisual.com\/nl\/\" target=\"_blank\">Televic konverentsitehnika<\/a><\/p>\n<p>&nbsp;<\/p>\n<p>&nbsp;<\/p>\n<p>&nbsp;<\/p>\n<p><a href=\"http:\/\/www.proflexstaging.com\/\" target=\"_blank\"><img decoding=\"async\" loading=\"lazy\" class=\" wp-image-773 alignleft\" src=\"https:\/\/elvtehnika.ee\/test\/1\/wp-content\/uploads\/logo-300x69.gif\" alt=\"logo\" width=\"283\" height=\"65\" \/><\/a>\u00a0 <a href=\"http:\/\/www.proflexstaging.com\/\" target=\"_blank\">Lavad<\/a><\/p>\n<p>&nbsp;<\/p>\n<p>&nbsp;<\/p>\n<p><a href=\"http:\/\/www.rcf.it\/homepage\" target=\"_blank\"><img decoding=\"async\" loading=\"lazy\" class=\"wp-image-251 alignleft\" src=\"https:\/\/elvtehnika.ee\/test\/1\/wp-content\/uploads\/RCF-Logo.jpg\" alt=\"RCF-Logo\" width=\"127\" height=\"127\" \/><\/a>\u00a0<a href=\"http:\/\/www.rcf.it\/homepage\" target=\"_blank\">RCF\u00a0 Itaalia kvaliteet-heliv\u00f5imendustehnika<\/a><\/p>\n<p>&nbsp;<\/p>\n<p>&nbsp;<\/p>\n<p>&nbsp;<\/p>\n<p><a href=\"http:\/\/www.americandj.eu\/\" target=\"_blank\"><img decoding=\"async\" loading=\"lazy\" class=\"alignleft wp-image-3288\" src=\"https:\/\/elvtehnika.ee\/test\/1\/wp-content\/uploads\/ADJ-Silver-Logo-200x200.jpg\" alt=\"ADJ Silver Logo\" width=\"165\" height=\"165\" srcset=\"https:\/\/elvtehnika.ee\/test\/wp-content\/uploads\/ADJ-Silver-Logo-200x200.jpg 200w, https:\/\/elvtehnika.ee\/test\/wp-content\/uploads\/ADJ-Silver-Logo-300x300.jpg 300w, https:\/\/elvtehnika.ee\/test\/wp-content\/uploads\/ADJ-Silver-Logo-100x100.jpg 100w, https:\/\/elvtehnika.ee\/test\/wp-content\/uploads\/ADJ-Silver-Logo-600x600.jpg 600w, https:\/\/elvtehnika.ee\/test\/wp-content\/uploads\/ADJ-Silver-Logo-768x768.jpg 768w, https:\/\/elvtehnika.ee\/test\/wp-content\/uploads\/ADJ-Silver-Logo-1024x1024.jpg 1024w, https:\/\/elvtehnika.ee\/test\/wp-content\/uploads\/ADJ-Silver-Logo-150x150.jpg 150w, https:\/\/elvtehnika.ee\/test\/wp-content\/uploads\/ADJ-Silver-Logo.jpg 1500w\" sizes=\"(max-width: 165px) 100vw, 165px\" \/><\/a>\u00a0<a href=\"http:\/\/www.americandj.eu\/\" target=\"_blank\">ADJ \u2013 kvaliteetne ja innovaatiline, kuid m\u00f5istliku hinnaga valgustehnika<\/a><\/p>\n<p>&nbsp;<\/p>\n<p>&nbsp;<\/p>\n","protected":false},"excerpt":{"rendered":"<p>Kui soovite sisustada konverentsisaali, n\u00f5upidamiste ruumi, volikogu istungisaali v\u00f5i muud esinduslikku koosolekute ja t\u00f6\u00f6 ruumi sobiva helitehnika ja esitlustehnikaga, oleme Teile meeleldi n\u00f5u ja kogemustega abiks. Koos koost\u00f6\u00f6partneritega omame ligi 20 aastat kogemust konverentside tehnilisel teenindamisel, sealhulgas rahvusvahelise tasandi esinduslikel \u00fcritustel kus osalevad eri riikide delegatsioonid. T\u00e4nu sellisele kogemusele omame \u00fclevaadet, mis tehnilise koha pealt [&hellip;]<\/p>\n","protected":false},"author":2,"featured_media":0,"parent":0,"menu_order":0,"comment_status":"closed","ping_status":"closed","template":"templates\/template-for-sale-custom.php","meta":[],"acf":[],"yoast_head":"<!-- This site is optimized with the Yoast SEO plugin v20.5 - https:\/\/yoast.com\/wordpress\/plugins\/seo\/ -->\n<title>Konverentsitehnika m\u00fc\u00fck - ELV Tehnika<\/title>\n<meta name=\"robots\" content=\"noindex, follow, max-snippet:-1, max-image-preview:large, max-video-preview:-1\" \/>\n<meta property=\"og:locale\" content=\"et_EE\" \/>\n<meta property=\"og:type\" content=\"article\" \/>\n<meta property=\"og:title\" content=\"Konverentsitehnika m\u00fc\u00fck - ELV Tehnika\" \/>\n<meta property=\"og:description\" content=\"Kui soovite sisustada konverentsisaali, n\u00f5upidamiste ruumi, volikogu istungisaali v\u00f5i muud esinduslikku koosolekute ja t\u00f6\u00f6 ruumi sobiva helitehnika ja esitlustehnikaga, oleme Teile meeleldi n\u00f5u ja kogemustega abiks. Koos koost\u00f6\u00f6partneritega omame ligi 20 aastat kogemust konverentside tehnilisel teenindamisel, sealhulgas rahvusvahelise tasandi esinduslikel \u00fcritustel kus osalevad eri riikide delegatsioonid. T\u00e4nu sellisele kogemusele omame \u00fclevaadet, mis tehnilise koha pealt [&hellip;]\" \/>\n<meta property=\"og:url\" content=\"https:\/\/elvtehnika.ee\/test\/konverentsitehnika-muuk\/\" \/>\n<meta property=\"og:site_name\" content=\"ELV Tehnika\" \/>\n<meta property=\"article:modified_time\" content=\"2017-04-10T18:40:36+00:00\" \/>\n<meta property=\"og:image\" content=\"https:\/\/elvtehnika.ee\/test\/1\/wp-content\/uploads\/DSC02272.jpg\" \/>\n<meta name=\"twitter:label1\" content=\"Est. reading time\" \/>\n\t<meta name=\"twitter:data1\" content=\"1 minut\" \/>\n<script type=\"application\/ld+json\" class=\"yoast-schema-graph\">{\"@context\":\"https:\/\/schema.org\",\"@graph\":[{\"@type\":\"WebPage\",\"@id\":\"https:\/\/elvtehnika.ee\/test\/konverentsitehnika-muuk\/\",\"url\":\"https:\/\/elvtehnika.ee\/test\/konverentsitehnika-muuk\/\",\"name\":\"Konverentsitehnika m\u00fc\u00fck - ELV Tehnika\",\"isPartOf\":{\"@id\":\"https:\/\/elvtehnika.ee\/test\/#website\"},\"datePublished\":\"2015-03-03T08:59:12+00:00\",\"dateModified\":\"2017-04-10T18:40:36+00:00\",\"breadcrumb\":{\"@id\":\"https:\/\/elvtehnika.ee\/test\/konverentsitehnika-muuk\/#breadcrumb\"},\"inLanguage\":\"et\",\"potentialAction\":[{\"@type\":\"ReadAction\",\"target\":[\"https:\/\/elvtehnika.ee\/test\/konverentsitehnika-muuk\/\"]}]},{\"@type\":\"BreadcrumbList\",\"@id\":\"https:\/\/elvtehnika.ee\/test\/konverentsitehnika-muuk\/#breadcrumb\",\"itemListElement\":[{\"@type\":\"ListItem\",\"position\":1,\"name\":\"Home\",\"item\":\"https:\/\/elvtehnika.ee\/test\/\"},{\"@type\":\"ListItem\",\"position\":2,\"name\":\"Konverentsitehnika m\u00fc\u00fck\"}]},{\"@type\":\"WebSite\",\"@id\":\"https:\/\/elvtehnika.ee\/test\/#website\",\"url\":\"https:\/\/elvtehnika.ee\/test\/\",\"name\":\"ELV Tehnika\",\"description\":\"Heli-, valgus- ja esitlustehnika\",\"potentialAction\":[{\"@type\":\"SearchAction\",\"target\":{\"@type\":\"EntryPoint\",\"urlTemplate\":\"https:\/\/elvtehnika.ee\/test\/?s={search_term_string}\"},\"query-input\":\"required name=search_term_string\"}],\"inLanguage\":\"et\"}]}<\/script>\n<!-- \/ Yoast SEO plugin. -->","yoast_head_json":{"title":"Konverentsitehnika m\u00fc\u00fck - ELV Tehnika","robots":{"index":"noindex","follow":"follow","max-snippet":"max-snippet:-1","max-image-preview":"max-image-preview:large","max-video-preview":"max-video-preview:-1"},"og_locale":"et_EE","og_type":"article","og_title":"Konverentsitehnika m\u00fc\u00fck - ELV Tehnika","og_description":"Kui soovite sisustada konverentsisaali, n\u00f5upidamiste ruumi, volikogu istungisaali v\u00f5i muud esinduslikku koosolekute ja t\u00f6\u00f6 ruumi sobiva helitehnika ja esitlustehnikaga, oleme Teile meeleldi n\u00f5u ja kogemustega abiks. Koos koost\u00f6\u00f6partneritega omame ligi 20 aastat kogemust konverentside tehnilisel teenindamisel, sealhulgas rahvusvahelise tasandi esinduslikel \u00fcritustel kus osalevad eri riikide delegatsioonid. T\u00e4nu sellisele kogemusele omame \u00fclevaadet, mis tehnilise koha pealt [&hellip;]","og_url":"https:\/\/elvtehnika.ee\/test\/konverentsitehnika-muuk\/","og_site_name":"ELV Tehnika","article_modified_time":"2017-04-10T18:40:36+00:00","og_image":[{"url":"https:\/\/elvtehnika.ee\/test\/1\/wp-content\/uploads\/DSC02272.jpg"}],"twitter_misc":{"Est. reading time":"1 minut"},"schema":{"@context":"https:\/\/schema.org","@graph":[{"@type":"WebPage","@id":"https:\/\/elvtehnika.ee\/test\/konverentsitehnika-muuk\/","url":"https:\/\/elvtehnika.ee\/test\/konverentsitehnika-muuk\/","name":"Konverentsitehnika m\u00fc\u00fck - ELV Tehnika","isPartOf":{"@id":"https:\/\/elvtehnika.ee\/test\/#website"},"datePublished":"2015-03-03T08:59:12+00:00","dateModified":"2017-04-10T18:40:36+00:00","breadcrumb":{"@id":"https:\/\/elvtehnika.ee\/test\/konverentsitehnika-muuk\/#breadcrumb"},"inLanguage":"et","potentialAction":[{"@type":"ReadAction","target":["https:\/\/elvtehnika.ee\/test\/konverentsitehnika-muuk\/"]}]},{"@type":"BreadcrumbList","@id":"https:\/\/elvtehnika.ee\/test\/konverentsitehnika-muuk\/#breadcrumb","itemListElement":[{"@type":"ListItem","position":1,"name":"Home","item":"https:\/\/elvtehnika.ee\/test\/"},{"@type":"ListItem","position":2,"name":"Konverentsitehnika m\u00fc\u00fck"}]},{"@type":"WebSite","@id":"https:\/\/elvtehnika.ee\/test\/#website","url":"https:\/\/elvtehnika.ee\/test\/","name":"ELV Tehnika","description":"Heli-, valgus- ja esitlustehnika","potentialAction":[{"@type":"SearchAction","target":{"@type":"EntryPoint","urlTemplate":"https:\/\/elvtehnika.ee\/test\/?s={search_term_string}"},"query-input":"required name=search_term_string"}],"inLanguage":"et"}]}},"_links":{"self":[{"href":"https:\/\/elvtehnika.ee\/test\/wp-json\/wp\/v2\/pages\/353"}],"collection":[{"href":"https:\/\/elvtehnika.ee\/test\/wp-json\/wp\/v2\/pages"}],"about":[{"href":"https:\/\/elvtehnika.ee\/test\/wp-json\/wp\/v2\/types\/page"}],"author":[{"embeddable":true,"href":"https:\/\/elvtehnika.ee\/test\/wp-json\/wp\/v2\/users\/2"}],"replies":[{"embeddable":true,"href":"https:\/\/elvtehnika.ee\/test\/wp-json\/wp\/v2\/comments?post=353"}],"version-history":[{"count":4,"href":"https:\/\/elvtehnika.ee\/test\/wp-json\/wp\/v2\/pages\/353\/revisions"}],"predecessor-version":[{"id":6169,"href":"https:\/\/elvtehnika.ee\/test\/wp-json\/wp\/v2\/pages\/353\/revisions\/6169"}],"wp:attachment":[{"href":"https:\/\/elvtehnika.ee\/test\/wp-json\/wp\/v2\/media?parent=353"}],"curies":[{"name":"wp","href":"https:\/\/api.w.org\/{rel}","templated":true}]}}