{"id":37,"date":"2015-02-22T04:50:53","date_gmt":"2015-02-22T04:50:53","guid":{"rendered":"http:\/\/localhost\/2015\/elvtehnika\/?page_id=37"},"modified":"2017-04-10T21:41:02","modified_gmt":"2017-04-10T18:41:02","slug":"heli-valgustehnika-muuk","status":"publish","type":"page","link":"https:\/\/elvtehnika.ee\/test\/heli-valgustehnika-muuk\/","title":{"rendered":"Helitehnika ja valgustehnika m\u00fc\u00fck"},"content":{"rendered":"<div id=\"attachment_258\" style=\"width: 196px\" class=\"wp-caption alignright\"><img aria-describedby=\"caption-attachment-258\" decoding=\"async\" loading=\"lazy\" class=\"wp-image-258\" src=\"https:\/\/elvtehnika.ee\/test\/1\/wp-content\/uploads\/165510-15_group_4-300x300.jpg\" alt=\"helitehnika m\u00fc\u00fck\" width=\"186\" height=\"186\" \/><p id=\"caption-attachment-258\" class=\"wp-caption-text\"><em>Helitehnika<\/em><\/p><\/div>\n<p>Pakume nii projektim\u00fc\u00fcki l\u00e4henedes igale soovile eraldi kui ka <a href=\"https:\/\/elvtehnika.ee\/test\/muugikomplektid\/heli-ja-valgustehnika\/\"><strong>valmiskomplekte<\/strong><\/a>.<\/p>\n<p>Oleme Teile meeleldi abiks m\u00f5ne saali sisustamisel vajaliku helitehnika ja valgustehnikaga v\u00f5i varustades Teid komplekti lihtsalt teisaldatavate seadmetega, mis on vajalikud Teie tegevuses. Samuti pakume\u00a0<a title=\"Konverentsitehnika m\u00fc\u00fck\" href=\"https:\/\/elvtehnika.ee\/test\/konverentsitehnika-muuk\/\">konverentsitehnikat<\/a> ja <a title=\"S\u00fcnkroont\u00f5lketehnika m\u00fc\u00fck\" href=\"https:\/\/elvtehnika.ee\/test\/sunkroontolketehnika-muuk\/\">t\u00f5lketehnikat<\/a>.<\/p>\n<p>Pakume kvaliteetseid, t\u00f6\u00f6kindlaid ja tihedaks ning pikaajaliseks kasutuseks sobivaid seadmeid mis on heade tehniliste n\u00e4itajatega ning mugavad kasutada \u00fcrituste l\u00e4biviimisel. Tehnikaga t\u00f6\u00f6tamise aastate jooksul on meil tekkinud v\u00f5ime tehnilistest n\u00e4itajatest sellisel viisil l\u00e4bi n\u00e4ha, et oskame Teile pakkuda seadmestikku mis sobib v\u00e4ga h\u00e4sti oma kasutusalasse, k\u00f5lab suurep\u00e4raselt\u00a0ning n\u00e4eb efektne v\u00e4lja. Nii saate lahenduse mis vastab Teie ootustele v\u00f5i \u00fcletab neid ning on ka viie aasta p\u00e4rast heas korras.<\/p>\n<p><strong>Mida peame silmas Teid n\u00f5ustades ja Teile sobiva tehnika leidmisel?<\/strong><\/p>\n<ul>\n<li>Seadmete t\u00f6\u00f6kindlust;<\/li>\n<li>Seadmete sobivust Teie kasutusalasse muuhulgas ka nende funktsionaalsuse osas \u2013 vaatame, et seadmed ei oleks liiga keerukad ja kallid vaid t\u00e4idaks t\u00e4pselt Teie eesm\u00e4rke.<\/li>\n<li>Et tehnikakomplekti oleks just Teil lihtne ja mugav kasutada.<\/li>\n<\/ul>\n<div id=\"attachment_1286\" style=\"width: 266px\" class=\"wp-caption alignright\"><img aria-describedby=\"caption-attachment-1286\" decoding=\"async\" loading=\"lazy\" class=\"wp-image-1286\" src=\"https:\/\/elvtehnika.ee\/test\/1\/wp-content\/uploads\/valgustehnika.jpg\" alt=\"valgustehnika\" width=\"256\" height=\"140\" \/><p id=\"caption-attachment-1286\" class=\"wp-caption-text\"><em>Valgustehnika<\/em><\/p><\/div>\n<p><strong>Miks meilt n\u00f5u k\u00fcsida?<\/strong><\/p>\n<ul>\n<li>Tegutseme juba aastaid tehnika rendi ja \u00fcrituste teenindamise valdkonnas ning seega omame \u00fclevaadet millised omadused on t\u00e4htsad tehnika praktilisel kasutamisel ning mis t\u00f6\u00f6tab ja kestab.<\/li>\n<li>Keskendume sellele kuidas Teie eesm\u00e4rke t\u00e4ita, m\u00f5tleme kaasa ja \u00fcpris kindlasti saame Teid mingil m\u00e4\u00e4ral edasi aidata.<\/li>\n<li>S\u00e4\u00e4stame Teie aega v\u00f5ttes tehniliste detailide plaanimise, t\u00e4pse seadmete komplekteerimise, hankimise ja paigaldamise enda peale.<\/li>\n<li>P\u00e4rast seadmete ostu saate alati helistada ja abi v\u00f5i n\u00f5u k\u00fcsida.<\/li>\n<\/ul>\n<p><strong>Mida oleme seni teinud?<\/strong><\/p>\n<ul>\n<li>Sisustanud tehnikaga <a href=\"https:\/\/elvtehnika.ee\/test\/konverentsitehnika-muuk\/\">konverentsisaale <\/a>ja kooliaulaid;<\/li>\n<li>v\u00e4lja m\u00f5elnud tantsup\u00f5randa valguslahendusi ja paigaldanud vajalikku tehnikat \u00f6\u00f6klubidesse\/pubidesse;<\/li>\n<li>komplekteerinud ja m\u00fc\u00fcnud teisaldatavaid tehnikakomplekte \u00fcrituste l\u00e4biviimiseks turiste teenindavatele ettev\u00f5tetele ja \u00fcrituste korraldajatele.<\/li>\n<\/ul>\n<p><strong>Milliste tootjate tehnikat pakume?<\/strong><\/p>\n<p>Kasutame tegelikult p\u00e4ris laia valikut tootjaid, et leida Teile sobiva hinna ja omadustega tehnika, kuid v\u00e4lja v\u00f5iks tuua j\u00e4rgmised:<\/p>\n<table style=\"width: 100%;\">\n<tbody>\n<tr>\n<td width=\"30%\"><a href=\"http:\/\/www.pioneer.eu\/eur\/products\/44\/page.html\"><img decoding=\"async\" loading=\"lazy\" class=\"wp-image-400\" src=\"https:\/\/elvtehnika.ee\/test\/1\/wp-content\/uploads\/pioneer-dj-300x263-228x200.jpg\" alt=\"Pioneer \u2013 tippklassi DJ tehnika\" width=\"131\" height=\"115\" srcset=\"https:\/\/elvtehnika.ee\/test\/wp-content\/uploads\/pioneer-dj-300x263-228x200.jpg 228w, https:\/\/elvtehnika.ee\/test\/wp-content\/uploads\/pioneer-dj-300x263.jpg 300w\" sizes=\"(max-width: 131px) 100vw, 131px\" \/><\/a><\/td>\n<td>Pioneer \u2013 tippklassi DJ tehnika<\/td>\n<\/tr>\n<tr>\n<td><a href=\"http:\/\/www.rcf.it\/homepage\"><img decoding=\"async\" loading=\"lazy\" class=\"wp-image-401\" src=\"https:\/\/elvtehnika.ee\/test\/1\/wp-content\/uploads\/RCF-Logo-200x200.jpg\" alt=\"RCF \u2013 Itaalia kvaliteet-heliv\u00f5imendustehnika tootja\" width=\"113\" height=\"113\" srcset=\"https:\/\/elvtehnika.ee\/test\/wp-content\/uploads\/RCF-Logo-200x200.jpg 200w, https:\/\/elvtehnika.ee\/test\/wp-content\/uploads\/RCF-Logo-100x100.jpg 100w, https:\/\/elvtehnika.ee\/test\/wp-content\/uploads\/RCF-Logo-150x150.jpg 150w, https:\/\/elvtehnika.ee\/test\/wp-content\/uploads\/RCF-Logo.jpg 250w\" sizes=\"(max-width: 113px) 100vw, 113px\" \/><\/a><\/td>\n<td>RCF \u2013 Itaalia kvaliteet-heliv\u00f5imendustehnika tootja<\/td>\n<\/tr>\n<tr>\n<td><a href=\"http:\/\/www.electrovoice.com\/\"><img decoding=\"async\" loading=\"lazy\" class=\"wp-image-398\" src=\"https:\/\/elvtehnika.ee\/test\/1\/wp-content\/uploads\/ev-logo-300x70-290x67.png\" alt=\"Electro Voice \u2013 heliv\u00f5imendustehnika\" width=\"169\" height=\"39\" srcset=\"https:\/\/elvtehnika.ee\/test\/wp-content\/uploads\/ev-logo-300x70-290x67.png 290w, https:\/\/elvtehnika.ee\/test\/wp-content\/uploads\/ev-logo-300x70.png 300w\" sizes=\"(max-width: 169px) 100vw, 169px\" \/><\/a><\/td>\n<td>Electro Voice \u2013 heliv\u00f5imendustehnika<\/td>\n<\/tr>\n<tr>\n<td><a href=\"http:\/\/www.mipro.com.tw\/\"><img decoding=\"async\" loading=\"lazy\" class=\"alignleft wp-image-399 \" src=\"https:\/\/elvtehnika.ee\/test\/1\/wp-content\/uploads\/Mipro-300x165-e1425470757996.jpg\" alt=\"Mipro-300x165\" width=\"184\" height=\"80\" \/><\/a><\/td>\n<td>Mipro \u2013 t\u00f6\u00f6kindlate ja uuendusliku tehnoloogiaga raadiomikrofonide tootja<\/td>\n<\/tr>\n<tr>\n<td><a href=\"http:\/\/www.americandj.eu\/\" target=\"_blank\"><img decoding=\"async\" loading=\"lazy\" class=\"alignleft wp-image-3288\" src=\"https:\/\/elvtehnika.ee\/test\/1\/wp-content\/uploads\/ADJ-Silver-Logo-200x200.jpg\" alt=\"ADJ Silver Logo\" width=\"165\" height=\"165\" srcset=\"https:\/\/elvtehnika.ee\/test\/wp-content\/uploads\/ADJ-Silver-Logo-200x200.jpg 200w, https:\/\/elvtehnika.ee\/test\/wp-content\/uploads\/ADJ-Silver-Logo-300x300.jpg 300w, https:\/\/elvtehnika.ee\/test\/wp-content\/uploads\/ADJ-Silver-Logo-100x100.jpg 100w, https:\/\/elvtehnika.ee\/test\/wp-content\/uploads\/ADJ-Silver-Logo-600x600.jpg 600w, https:\/\/elvtehnika.ee\/test\/wp-content\/uploads\/ADJ-Silver-Logo-768x768.jpg 768w, https:\/\/elvtehnika.ee\/test\/wp-content\/uploads\/ADJ-Silver-Logo-1024x1024.jpg 1024w, https:\/\/elvtehnika.ee\/test\/wp-content\/uploads\/ADJ-Silver-Logo-150x150.jpg 150w, https:\/\/elvtehnika.ee\/test\/wp-content\/uploads\/ADJ-Silver-Logo.jpg 1500w\" sizes=\"(max-width: 165px) 100vw, 165px\" \/><\/a><\/td>\n<td>ADJ \u2013 kvaliteetne ja innovaatiline, kuid m\u00f5istliku hinnaga valgustehnika tootja<\/td>\n<\/tr>\n<\/tbody>\n<\/table>\n<p>&nbsp;<\/p>\n","protected":false},"excerpt":{"rendered":"<p>Pakume nii projektim\u00fc\u00fcki l\u00e4henedes igale soovile eraldi kui ka valmiskomplekte. Oleme Teile meeleldi abiks m\u00f5ne saali sisustamisel vajaliku helitehnika ja valgustehnikaga v\u00f5i varustades Teid komplekti lihtsalt teisaldatavate seadmetega, mis on vajalikud Teie tegevuses. Samuti pakume\u00a0konverentsitehnikat ja t\u00f5lketehnikat. Pakume kvaliteetseid, t\u00f6\u00f6kindlaid ja tihedaks ning pikaajaliseks kasutuseks sobivaid seadmeid mis on heade tehniliste n\u00e4itajatega ning mugavad kasutada [&hellip;]<\/p>\n","protected":false},"author":2,"featured_media":0,"parent":0,"menu_order":0,"comment_status":"closed","ping_status":"closed","template":"templates\/template-for-sale-custom.php","meta":[],"acf":[],"yoast_head":"<!-- This site is optimized with the Yoast SEO plugin v20.5 - https:\/\/yoast.com\/wordpress\/plugins\/seo\/ -->\n<title>Helitehnika ja valgustehnika m\u00fc\u00fck - ELV Tehnika<\/title>\n<meta name=\"description\" content=\"Helitehnika ja valgustehnika projektim\u00fc\u00fck, seadmete m\u00fc\u00fck - n\u00f5ustamine ja tugi Teie ettev\u00f5tmiste tehnikaga toetamise seisukohast\" \/>\n<meta name=\"robots\" content=\"noindex, follow, max-snippet:-1, max-image-preview:large, max-video-preview:-1\" \/>\n<meta property=\"og:locale\" content=\"et_EE\" \/>\n<meta property=\"og:type\" content=\"article\" \/>\n<meta property=\"og:title\" content=\"Helitehnika ja valgustehnika m\u00fc\u00fck - ELV Tehnika\" \/>\n<meta property=\"og:description\" content=\"Helitehnika ja valgustehnika projektim\u00fc\u00fck, seadmete m\u00fc\u00fck - n\u00f5ustamine ja tugi Teie ettev\u00f5tmiste tehnikaga toetamise seisukohast\" \/>\n<meta property=\"og:url\" content=\"https:\/\/elvtehnika.ee\/test\/heli-valgustehnika-muuk\/\" \/>\n<meta property=\"og:site_name\" content=\"ELV Tehnika\" \/>\n<meta property=\"article:modified_time\" content=\"2017-04-10T18:41:02+00:00\" \/>\n<meta property=\"og:image\" content=\"https:\/\/elvtehnika.ee\/test\/1\/wp-content\/uploads\/165510-15_group_4-300x300.jpg\" \/>\n<meta name=\"twitter:label1\" content=\"Est. reading time\" \/>\n\t<meta name=\"twitter:data1\" content=\"2 minutit\" \/>\n<script type=\"application\/ld+json\" class=\"yoast-schema-graph\">{\"@context\":\"https:\/\/schema.org\",\"@graph\":[{\"@type\":\"WebPage\",\"@id\":\"https:\/\/elvtehnika.ee\/test\/heli-valgustehnika-muuk\/\",\"url\":\"https:\/\/elvtehnika.ee\/test\/heli-valgustehnika-muuk\/\",\"name\":\"Helitehnika ja valgustehnika m\u00fc\u00fck - ELV Tehnika\",\"isPartOf\":{\"@id\":\"https:\/\/elvtehnika.ee\/test\/#website\"},\"datePublished\":\"2015-02-22T04:50:53+00:00\",\"dateModified\":\"2017-04-10T18:41:02+00:00\",\"description\":\"Helitehnika ja valgustehnika projektim\u00fc\u00fck, seadmete m\u00fc\u00fck - n\u00f5ustamine ja tugi Teie ettev\u00f5tmiste tehnikaga toetamise seisukohast\",\"breadcrumb\":{\"@id\":\"https:\/\/elvtehnika.ee\/test\/heli-valgustehnika-muuk\/#breadcrumb\"},\"inLanguage\":\"et\",\"potentialAction\":[{\"@type\":\"ReadAction\",\"target\":[\"https:\/\/elvtehnika.ee\/test\/heli-valgustehnika-muuk\/\"]}]},{\"@type\":\"BreadcrumbList\",\"@id\":\"https:\/\/elvtehnika.ee\/test\/heli-valgustehnika-muuk\/#breadcrumb\",\"itemListElement\":[{\"@type\":\"ListItem\",\"position\":1,\"name\":\"Home\",\"item\":\"https:\/\/elvtehnika.ee\/test\/\"},{\"@type\":\"ListItem\",\"position\":2,\"name\":\"Helitehnika ja valgustehnika m\u00fc\u00fck\"}]},{\"@type\":\"WebSite\",\"@id\":\"https:\/\/elvtehnika.ee\/test\/#website\",\"url\":\"https:\/\/elvtehnika.ee\/test\/\",\"name\":\"ELV Tehnika\",\"description\":\"Heli-, valgus- ja esitlustehnika\",\"potentialAction\":[{\"@type\":\"SearchAction\",\"target\":{\"@type\":\"EntryPoint\",\"urlTemplate\":\"https:\/\/elvtehnika.ee\/test\/?s={search_term_string}\"},\"query-input\":\"required name=search_term_string\"}],\"inLanguage\":\"et\"}]}<\/script>\n<!-- \/ Yoast SEO plugin. -->","yoast_head_json":{"title":"Helitehnika ja valgustehnika m\u00fc\u00fck - ELV Tehnika","description":"Helitehnika ja valgustehnika projektim\u00fc\u00fck, seadmete m\u00fc\u00fck - n\u00f5ustamine ja tugi Teie ettev\u00f5tmiste tehnikaga toetamise seisukohast","robots":{"index":"noindex","follow":"follow","max-snippet":"max-snippet:-1","max-image-preview":"max-image-preview:large","max-video-preview":"max-video-preview:-1"},"og_locale":"et_EE","og_type":"article","og_title":"Helitehnika ja valgustehnika m\u00fc\u00fck - ELV Tehnika","og_description":"Helitehnika ja valgustehnika projektim\u00fc\u00fck, seadmete m\u00fc\u00fck - n\u00f5ustamine ja tugi Teie ettev\u00f5tmiste tehnikaga toetamise seisukohast","og_url":"https:\/\/elvtehnika.ee\/test\/heli-valgustehnika-muuk\/","og_site_name":"ELV Tehnika","article_modified_time":"2017-04-10T18:41:02+00:00","og_image":[{"url":"https:\/\/elvtehnika.ee\/test\/1\/wp-content\/uploads\/165510-15_group_4-300x300.jpg"}],"twitter_misc":{"Est. reading time":"2 minutit"},"schema":{"@context":"https:\/\/schema.org","@graph":[{"@type":"WebPage","@id":"https:\/\/elvtehnika.ee\/test\/heli-valgustehnika-muuk\/","url":"https:\/\/elvtehnika.ee\/test\/heli-valgustehnika-muuk\/","name":"Helitehnika ja valgustehnika m\u00fc\u00fck - ELV Tehnika","isPartOf":{"@id":"https:\/\/elvtehnika.ee\/test\/#website"},"datePublished":"2015-02-22T04:50:53+00:00","dateModified":"2017-04-10T18:41:02+00:00","description":"Helitehnika ja valgustehnika projektim\u00fc\u00fck, seadmete m\u00fc\u00fck - n\u00f5ustamine ja tugi Teie ettev\u00f5tmiste tehnikaga toetamise seisukohast","breadcrumb":{"@id":"https:\/\/elvtehnika.ee\/test\/heli-valgustehnika-muuk\/#breadcrumb"},"inLanguage":"et","potentialAction":[{"@type":"ReadAction","target":["https:\/\/elvtehnika.ee\/test\/heli-valgustehnika-muuk\/"]}]},{"@type":"BreadcrumbList","@id":"https:\/\/elvtehnika.ee\/test\/heli-valgustehnika-muuk\/#breadcrumb","itemListElement":[{"@type":"ListItem","position":1,"name":"Home","item":"https:\/\/elvtehnika.ee\/test\/"},{"@type":"ListItem","position":2,"name":"Helitehnika ja valgustehnika m\u00fc\u00fck"}]},{"@type":"WebSite","@id":"https:\/\/elvtehnika.ee\/test\/#website","url":"https:\/\/elvtehnika.ee\/test\/","name":"ELV Tehnika","description":"Heli-, valgus- ja esitlustehnika","potentialAction":[{"@type":"SearchAction","target":{"@type":"EntryPoint","urlTemplate":"https:\/\/elvtehnika.ee\/test\/?s={search_term_string}"},"query-input":"required name=search_term_string"}],"inLanguage":"et"}]}},"_links":{"self":[{"href":"https:\/\/elvtehnika.ee\/test\/wp-json\/wp\/v2\/pages\/37"}],"collection":[{"href":"https:\/\/elvtehnika.ee\/test\/wp-json\/wp\/v2\/pages"}],"about":[{"href":"https:\/\/elvtehnika.ee\/test\/wp-json\/wp\/v2\/types\/page"}],"author":[{"embeddable":true,"href":"https:\/\/elvtehnika.ee\/test\/wp-json\/wp\/v2\/users\/2"}],"replies":[{"embeddable":true,"href":"https:\/\/elvtehnika.ee\/test\/wp-json\/wp\/v2\/comments?post=37"}],"version-history":[{"count":4,"href":"https:\/\/elvtehnika.ee\/test\/wp-json\/wp\/v2\/pages\/37\/revisions"}],"predecessor-version":[{"id":6170,"href":"https:\/\/elvtehnika.ee\/test\/wp-json\/wp\/v2\/pages\/37\/revisions\/6170"}],"wp:attachment":[{"href":"https:\/\/elvtehnika.ee\/test\/wp-json\/wp\/v2\/media?parent=37"}],"curies":[{"name":"wp","href":"https:\/\/api.w.org\/{rel}","templated":true}]}}