{"id":62,"date":"2015-02-22T15:28:48","date_gmt":"2015-02-22T15:28:48","guid":{"rendered":"http:\/\/localhost\/2015\/elvtehnika\/?page_id=62"},"modified":"2018-09-24T17:39:24","modified_gmt":"2018-09-24T14:39:24","slug":"taiskomplektide-rent","status":"publish","type":"page","link":"https:\/\/elvtehnika.ee\/test\/taiskomplektide-rent\/","title":{"rendered":"T\u00e4iskomplektide rent"},"content":{"rendered":"<p><img decoding=\"async\" loading=\"lazy\" class=\"alignright wp-image-2554 size-thumbnail\" src=\"https:\/\/elvtehnika.ee\/test\/1\/wp-content\/uploads\/tehnika-271x200.jpg\" alt=\"tehnika\" width=\"271\" height=\"200\" srcset=\"https:\/\/elvtehnika.ee\/test\/wp-content\/uploads\/tehnika-271x200.jpg 271w, https:\/\/elvtehnika.ee\/test\/wp-content\/uploads\/tehnika.jpg 286w\" sizes=\"(max-width: 271px) 100vw, 271px\" \/>Kiire, lihtne, kuid professionaalne lahendus Teie \u00fcrituse meeldej\u00e4\u00e4vaks ja elegantseks muutmiseks ning s\u00f5numi publikuni viimiseks.<\/p>\n<p>Valige tehnikakomplekt, broneerige see paari klikiga ning saage soovitud ajal seadmed k\u00e4tte.<\/p>\n<p>Alati saab ka komplektidesse muudatusi teha niiet kui m\u00f5ni komplekt on peaaegu \u00f5ige, saatke selle broneeringusoov\u00a0ja m\u00e4rkige lisainfoks mis muutusi soovite komplektis.<\/p>\n<p>Altpoolt leiate valiku heli-, valgus-, ja esitlustehnika komplekte, mille saate rentida, \u00fcldjuhul ise kaasa v\u00f5tta ja \u00fcles seada.<\/p>\n<p>K\u00f5ikide komplektide puhul saate muidugi ka valida meiepoolse paigalduse s\u00e4\u00e4stmaks oma aega. Pakume ka abi <a title=\"\u00dcrituste tehniline teenindamine\" href=\"https:\/\/elvtehnika.ee\/test\/urituste-tehniline-teenindamine\/\" target=\"_blank\" rel=\"noopener\">\u00fcrituse tehnilisel teenindamisel<\/a>.<\/p>\n","protected":false},"excerpt":{"rendered":"<p>Kiire, lihtne, kuid professionaalne lahendus Teie \u00fcrituse meeldej\u00e4\u00e4vaks ja elegantseks muutmiseks ning s\u00f5numi publikuni viimiseks. Valige tehnikakomplekt, broneerige see paari klikiga ning saage soovitud ajal seadmed k\u00e4tte. Alati saab ka komplektidesse muudatusi teha niiet kui m\u00f5ni komplekt on peaaegu \u00f5ige, saatke selle broneeringusoov\u00a0ja m\u00e4rkige lisainfoks mis muutusi soovite komplektis. Altpoolt leiate valiku heli-, valgus-, ja [&hellip;]<\/p>\n","protected":false},"author":2,"featured_media":0,"parent":0,"menu_order":0,"comment_status":"closed","ping_status":"closed","template":"templates\/for-rent.php","meta":[],"acf":[],"yoast_head":"<!-- This site is optimized with the Yoast SEO plugin v20.5 - https:\/\/yoast.com\/wordpress\/plugins\/seo\/ -->\n<title>T\u00e4iskomplektide rent - ELV Tehnika<\/title>\n<meta name=\"description\" content=\"Heli-, valgus- ja esitlustehnika komplektid, tehnika rent, \u00fcrituste tehniline teenindamine - tutvu v\u00f5imalustega ning broneeri tehnika mugavalt\" \/>\n<meta name=\"robots\" content=\"noindex, follow, max-snippet:-1, max-image-preview:large, max-video-preview:-1\" \/>\n<meta property=\"og:locale\" content=\"et_EE\" \/>\n<meta property=\"og:type\" content=\"article\" \/>\n<meta property=\"og:title\" content=\"T\u00e4iskomplektide rent - ELV Tehnika\" \/>\n<meta property=\"og:description\" content=\"Heli-, valgus- ja esitlustehnika komplektid, tehnika rent, \u00fcrituste tehniline teenindamine - tutvu v\u00f5imalustega ning broneeri tehnika mugavalt\" \/>\n<meta property=\"og:url\" content=\"https:\/\/elvtehnika.ee\/test\/taiskomplektide-rent\/\" \/>\n<meta property=\"og:site_name\" content=\"ELV Tehnika\" \/>\n<meta property=\"article:modified_time\" content=\"2018-09-24T14:39:24+00:00\" \/>\n<meta property=\"og:image\" content=\"https:\/\/elvtehnika.ee\/test\/1\/wp-content\/uploads\/tehnika-271x200.jpg\" \/>\n<script type=\"application\/ld+json\" class=\"yoast-schema-graph\">{\"@context\":\"https:\/\/schema.org\",\"@graph\":[{\"@type\":\"WebPage\",\"@id\":\"https:\/\/elvtehnika.ee\/test\/taiskomplektide-rent\/\",\"url\":\"https:\/\/elvtehnika.ee\/test\/taiskomplektide-rent\/\",\"name\":\"T\u00e4iskomplektide rent - ELV Tehnika\",\"isPartOf\":{\"@id\":\"https:\/\/elvtehnika.ee\/test\/#website\"},\"datePublished\":\"2015-02-22T15:28:48+00:00\",\"dateModified\":\"2018-09-24T14:39:24+00:00\",\"description\":\"Heli-, valgus- ja esitlustehnika komplektid, tehnika rent, \u00fcrituste tehniline teenindamine - tutvu v\u00f5imalustega ning broneeri tehnika mugavalt\",\"breadcrumb\":{\"@id\":\"https:\/\/elvtehnika.ee\/test\/taiskomplektide-rent\/#breadcrumb\"},\"inLanguage\":\"et\",\"potentialAction\":[{\"@type\":\"ReadAction\",\"target\":[\"https:\/\/elvtehnika.ee\/test\/taiskomplektide-rent\/\"]}]},{\"@type\":\"BreadcrumbList\",\"@id\":\"https:\/\/elvtehnika.ee\/test\/taiskomplektide-rent\/#breadcrumb\",\"itemListElement\":[{\"@type\":\"ListItem\",\"position\":1,\"name\":\"Home\",\"item\":\"https:\/\/elvtehnika.ee\/test\/\"},{\"@type\":\"ListItem\",\"position\":2,\"name\":\"T\u00e4iskomplektide rent\"}]},{\"@type\":\"WebSite\",\"@id\":\"https:\/\/elvtehnika.ee\/test\/#website\",\"url\":\"https:\/\/elvtehnika.ee\/test\/\",\"name\":\"ELV Tehnika\",\"description\":\"Heli-, valgus- ja esitlustehnika\",\"potentialAction\":[{\"@type\":\"SearchAction\",\"target\":{\"@type\":\"EntryPoint\",\"urlTemplate\":\"https:\/\/elvtehnika.ee\/test\/?s={search_term_string}\"},\"query-input\":\"required name=search_term_string\"}],\"inLanguage\":\"et\"}]}<\/script>\n<!-- \/ Yoast SEO plugin. -->","yoast_head_json":{"title":"T\u00e4iskomplektide rent - ELV Tehnika","description":"Heli-, valgus- ja esitlustehnika komplektid, tehnika rent, \u00fcrituste tehniline teenindamine - tutvu v\u00f5imalustega ning broneeri tehnika mugavalt","robots":{"index":"noindex","follow":"follow","max-snippet":"max-snippet:-1","max-image-preview":"max-image-preview:large","max-video-preview":"max-video-preview:-1"},"og_locale":"et_EE","og_type":"article","og_title":"T\u00e4iskomplektide rent - ELV Tehnika","og_description":"Heli-, valgus- ja esitlustehnika komplektid, tehnika rent, \u00fcrituste tehniline teenindamine - tutvu v\u00f5imalustega ning broneeri tehnika mugavalt","og_url":"https:\/\/elvtehnika.ee\/test\/taiskomplektide-rent\/","og_site_name":"ELV Tehnika","article_modified_time":"2018-09-24T14:39:24+00:00","og_image":[{"url":"https:\/\/elvtehnika.ee\/test\/1\/wp-content\/uploads\/tehnika-271x200.jpg"}],"schema":{"@context":"https:\/\/schema.org","@graph":[{"@type":"WebPage","@id":"https:\/\/elvtehnika.ee\/test\/taiskomplektide-rent\/","url":"https:\/\/elvtehnika.ee\/test\/taiskomplektide-rent\/","name":"T\u00e4iskomplektide rent - ELV Tehnika","isPartOf":{"@id":"https:\/\/elvtehnika.ee\/test\/#website"},"datePublished":"2015-02-22T15:28:48+00:00","dateModified":"2018-09-24T14:39:24+00:00","description":"Heli-, valgus- ja esitlustehnika komplektid, tehnika rent, \u00fcrituste tehniline teenindamine - tutvu v\u00f5imalustega ning broneeri tehnika mugavalt","breadcrumb":{"@id":"https:\/\/elvtehnika.ee\/test\/taiskomplektide-rent\/#breadcrumb"},"inLanguage":"et","potentialAction":[{"@type":"ReadAction","target":["https:\/\/elvtehnika.ee\/test\/taiskomplektide-rent\/"]}]},{"@type":"BreadcrumbList","@id":"https:\/\/elvtehnika.ee\/test\/taiskomplektide-rent\/#breadcrumb","itemListElement":[{"@type":"ListItem","position":1,"name":"Home","item":"https:\/\/elvtehnika.ee\/test\/"},{"@type":"ListItem","position":2,"name":"T\u00e4iskomplektide rent"}]},{"@type":"WebSite","@id":"https:\/\/elvtehnika.ee\/test\/#website","url":"https:\/\/elvtehnika.ee\/test\/","name":"ELV Tehnika","description":"Heli-, valgus- ja esitlustehnika","potentialAction":[{"@type":"SearchAction","target":{"@type":"EntryPoint","urlTemplate":"https:\/\/elvtehnika.ee\/test\/?s={search_term_string}"},"query-input":"required name=search_term_string"}],"inLanguage":"et"}]}},"_links":{"self":[{"href":"https:\/\/elvtehnika.ee\/test\/wp-json\/wp\/v2\/pages\/62"}],"collection":[{"href":"https:\/\/elvtehnika.ee\/test\/wp-json\/wp\/v2\/pages"}],"about":[{"href":"https:\/\/elvtehnika.ee\/test\/wp-json\/wp\/v2\/types\/page"}],"author":[{"embeddable":true,"href":"https:\/\/elvtehnika.ee\/test\/wp-json\/wp\/v2\/users\/2"}],"replies":[{"embeddable":true,"href":"https:\/\/elvtehnika.ee\/test\/wp-json\/wp\/v2\/comments?post=62"}],"version-history":[{"count":4,"href":"https:\/\/elvtehnika.ee\/test\/wp-json\/wp\/v2\/pages\/62\/revisions"}],"predecessor-version":[{"id":10612,"href":"https:\/\/elvtehnika.ee\/test\/wp-json\/wp\/v2\/pages\/62\/revisions\/10612"}],"wp:attachment":[{"href":"https:\/\/elvtehnika.ee\/test\/wp-json\/wp\/v2\/media?parent=62"}],"curies":[{"name":"wp","href":"https:\/\/api.w.org\/{rel}","templated":true}]}}